{"id":630,"date":"2021-06-03T21:11:06","date_gmt":"2021-06-03T21:11:06","guid":{"rendered":"http:\/\/ag-foto.de\/?page_id=630"},"modified":"2024-12-21T14:50:59","modified_gmt":"2024-12-21T14:50:59","slug":"home-shooting","status":"publish","type":"page","link":"https:\/\/ag-foto.de\/?page_id=630","title":{"rendered":"Home-Story"},"content":{"rendered":"\n<p><strong>&#8222;Entdecke Deine Geschichte: Homestories in Vertrauter Umgebung<\/strong><\/p>\n\n\n\n<hr class=\"wp-block-separator has-alpha-channel-opacity\"\/>\n\n\n\n<p>Manchmal liegen die sch\u00f6nsten Geschichten dort, wo wir uns am wohlsten f\u00fchlen \u2013 in unseren eigenen vier W\u00e4nden. Tauche ein in die Magie der Homestories und erlebe Deine pers\u00f6nliche Erz\u00e4hlung in der vertrauten Umgebung Deines Zuhauses.<\/p>\n\n\n\n<p>Unsere talentierten Storyteller verwandeln Dein Wohnzimmer, Schlafzimmer oder jeden Ort Deiner Wahl in eine B\u00fchne f\u00fcr Deine individuelle Geschichte. Egal, ob es eine romantische Liebesgeschichte, ein aufregendes Abenteuer oder ein herzerw\u00e4rmendes Familienm\u00e4rchen ist \u2013 wir bringen Deine Ideen zum Leben.<\/p>\n\n\n\n<p>Genie\u00dfe den Komfort und die Vertrautheit Deiner eigenen R\u00e4ume, w\u00e4hrend wir mit Liebe zum Detail und kreativem Flair eine Homestory kreieren, die Dich verzaubern wird. Jeder Moment wird zu einem Kapitel in Deiner einzigartigen Erz\u00e4hlung.<\/p>\n\n\n\n<p>Mache Deinen n\u00e4chsten Anlass unvergesslich \u2013 sei es ein besonderes Jubil\u00e4um, ein Hobby, eine sinnliche Verf\u00fchurung oder einfach ein gem\u00fctlicher Abend mit Freunden. Wir machen Deine Homestory zu einem Erlebnis, das \u00fcber die Grenzen der Zeit hinausgeht.<\/p>\n\n\n\n<p>Buche jetzt Deine ma\u00dfgeschneiderte Homestory und lasse Deine Geschichte in den vertrauten Kulissen Deines Zuhauses zum Leben erwachen. Deine Geschichte, Dein Zuhause, Deine Homestory \u2013 erschaffe Erinnerungen, die bleiben.<\/p>\n\n\n\n<p>Ben\u00f6tigst Du noch weitere Infos. Dann haben wir f\u00fcr Dich noch weitere Infos unter<\/p>\n\n\n\n<p>Blog Beitrag : <a href=\"https:\/\/ag-foto.de\/?p=2157\">Home Story<\/a>  oder doch <a href=\"https:\/\/ag-foto.de\/?p=2172\">Studio Fotografie<\/a> . Zwei Beitr\u00e4ge die dir evt bei der Entscheidung helfen.<\/p>\n\n\n\n<figure class=\"wp-block-gallery has-nested-images columns-default is-cropped wp-block-gallery-1 is-layout-flex wp-block-gallery-is-layout-flex\">\n<figure class=\"wp-block-image size-large\"><a href=\"https:\/\/ag-foto.de\/wp-content\/uploads\/2023\/12\/BlackWeek6-013.png\"><img fetchpriority=\"high\" decoding=\"async\" width=\"576\" height=\"1024\" data-id=\"2003\" src=\"https:\/\/ag-foto.de\/wp-content\/uploads\/2023\/12\/BlackWeek6-013-576x1024.png\" alt=\"\" class=\"wp-image-2003\" srcset=\"https:\/\/ag-foto.de\/wp-content\/uploads\/2023\/12\/BlackWeek6-013-576x1024.png 576w, https:\/\/ag-foto.de\/wp-content\/uploads\/2023\/12\/BlackWeek6-013-169x300.png 169w, https:\/\/ag-foto.de\/wp-content\/uploads\/2023\/12\/BlackWeek6-013-768x1365.png 768w, https:\/\/ag-foto.de\/wp-content\/uploads\/2023\/12\/BlackWeek6-013-864x1536.png 864w, https:\/\/ag-foto.de\/wp-content\/uploads\/2023\/12\/BlackWeek6-013-338x600.png 338w, https:\/\/ag-foto.de\/wp-content\/uploads\/2023\/12\/BlackWeek6-013.png 1080w\" sizes=\"(max-width: 576px) 100vw, 576px\" \/><\/a><\/figure>\n\n\n\n<figure class=\"wp-block-image size-large\"><a href=\"https:\/\/ag-foto.de\/wp-content\/uploads\/2023\/12\/BlackWeekTatjana03.png\"><img decoding=\"async\" width=\"576\" height=\"1024\" data-id=\"2001\" src=\"https:\/\/ag-foto.de\/wp-content\/uploads\/2023\/12\/BlackWeekTatjana03-576x1024.png\" alt=\"\" class=\"wp-image-2001\" srcset=\"https:\/\/ag-foto.de\/wp-content\/uploads\/2023\/12\/BlackWeekTatjana03-576x1024.png 576w, https:\/\/ag-foto.de\/wp-content\/uploads\/2023\/12\/BlackWeekTatjana03-169x300.png 169w, https:\/\/ag-foto.de\/wp-content\/uploads\/2023\/12\/BlackWeekTatjana03-768x1365.png 768w, https:\/\/ag-foto.de\/wp-content\/uploads\/2023\/12\/BlackWeekTatjana03-864x1536.png 864w, https:\/\/ag-foto.de\/wp-content\/uploads\/2023\/12\/BlackWeekTatjana03-338x600.png 338w, https:\/\/ag-foto.de\/wp-content\/uploads\/2023\/12\/BlackWeekTatjana03.png 1080w\" sizes=\"(max-width: 576px) 100vw, 576px\" \/><\/a><\/figure>\n\n\n\n<figure class=\"wp-block-image size-large\"><a href=\"https:\/\/ag-foto.de\/wp-content\/uploads\/2023\/12\/BlackWeek6-012.png\"><img decoding=\"async\" width=\"576\" height=\"1024\" data-id=\"2004\" src=\"https:\/\/ag-foto.de\/wp-content\/uploads\/2023\/12\/BlackWeek6-012-576x1024.png\" alt=\"\" class=\"wp-image-2004\" srcset=\"https:\/\/ag-foto.de\/wp-content\/uploads\/2023\/12\/BlackWeek6-012-576x1024.png 576w, https:\/\/ag-foto.de\/wp-content\/uploads\/2023\/12\/BlackWeek6-012-169x300.png 169w, https:\/\/ag-foto.de\/wp-content\/uploads\/2023\/12\/BlackWeek6-012-768x1365.png 768w, https:\/\/ag-foto.de\/wp-content\/uploads\/2023\/12\/BlackWeek6-012-864x1536.png 864w, https:\/\/ag-foto.de\/wp-content\/uploads\/2023\/12\/BlackWeek6-012-338x600.png 338w, https:\/\/ag-foto.de\/wp-content\/uploads\/2023\/12\/BlackWeek6-012.png 1080w\" sizes=\"(max-width: 576px) 100vw, 576px\" \/><\/a><\/figure>\n<\/figure>\n\n\n\n<hr class=\"wp-block-separator has-alpha-channel-opacity\"\/>\n\n\n\n<p><strong>Tauche ein in die Welt der sinnlichen Verf\u00fchrung \u2013 Deine ganz pers\u00f6nliche Home-Story<\/strong><\/p>\n\n\n\n<p class=\"has-text-align-center\"> <div class=\"wp-block-buttons\"> <div class=\"wp-block-button\"><a class=\"wp-block-button__link has-black-color has-vivid-cyan-blue-background-color has-text-color has-background wp-element-button\" href=\"https:\/\/ag-foto.de\/?page_id=1297\">Hier kommst Du zu unseren Leistungen und Preise<\/a><\/div> <\/div><\/p>\n","protected":false},"excerpt":{"rendered":"<p>&#8222;Entdecke Deine Geschichte: Homestories in Vertrauter Umgebung Manchmal liegen die sch\u00f6nsten Geschichten dort, wo wir uns am wohlsten f\u00fchlen \u2013 in unseren eigenen vier W\u00e4nden. Tauche ein in die Magie der Homestories und erlebe Deine pers\u00f6nliche Erz\u00e4hlung in der vertrauten Umgebung Deines Zuhauses. Unsere talentierten Storyteller verwandeln Dein Wohnzimmer, Schlafzimmer oder jeden Ort Deiner Wahl &hellip; <\/p>\n<p class=\"link-more\"><a href=\"https:\/\/ag-foto.de\/?page_id=630\" class=\"more-link\">Mehr <span class=\"screen-reader-text\">\u00fcber &#8222;Home-Story&#8220; <\/span>Lesen<\/a><\/p>\n","protected":false},"author":1,"featured_media":2161,"parent":416,"menu_order":0,"comment_status":"closed","ping_status":"closed","template":"","meta":{"_glsr_average":0,"_glsr_ranking":0,"_glsr_reviews":0,"two_page_speed":[],"footnotes":""},"class_list":["post-630","page","type-page","status-publish","has-post-thumbnail","hentry"],"yoast_head":"<!-- This site is optimized with the Yoast SEO plugin v27.5 - https:\/\/yoast.com\/product\/yoast-seo-wordpress\/ -->\n<title>Home-Story - FOTOGRAPHIE OF MOMENTS<\/title>\n<meta name=\"robots\" content=\"index, follow, max-snippet:-1, max-image-preview:large, max-video-preview:-1\" \/>\n<link rel=\"canonical\" href=\"https:\/\/ag-foto.de\/?page_id=630\" \/>\n<meta property=\"og:locale\" content=\"de_DE\" \/>\n<meta property=\"og:type\" content=\"article\" \/>\n<meta property=\"og:title\" content=\"Home-Story - FOTOGRAPHIE OF MOMENTS\" \/>\n<meta property=\"og:description\" content=\"&#8222;Entdecke Deine Geschichte: Homestories in Vertrauter Umgebung Manchmal liegen die sch\u00f6nsten Geschichten dort, wo wir uns am wohlsten f\u00fchlen \u2013 in unseren eigenen vier W\u00e4nden. Tauche ein in die Magie der Homestories und erlebe Deine pers\u00f6nliche Erz\u00e4hlung in der vertrauten Umgebung Deines Zuhauses. Unsere talentierten Storyteller verwandeln Dein Wohnzimmer, Schlafzimmer oder jeden Ort Deiner Wahl &hellip; Mehr \u00fcber &quot;Home-Story&quot; Lesen\" \/>\n<meta property=\"og:url\" content=\"https:\/\/ag-foto.de\/?page_id=630\" \/>\n<meta property=\"og:site_name\" content=\"FOTOGRAPHIE OF MOMENTS\" \/>\n<meta property=\"article:publisher\" content=\"https:\/\/www.facebook.com\/uwfoto\" \/>\n<meta property=\"article:modified_time\" content=\"2024-12-21T14:50:59+00:00\" \/>\n<meta property=\"og:image\" content=\"https:\/\/ag-foto.de\/wp-content\/uploads\/2024\/01\/Q-Home2024-0-02.jpg\" \/>\n\t<meta property=\"og:image:width\" content=\"1067\" \/>\n\t<meta property=\"og:image:height\" content=\"1068\" \/>\n\t<meta property=\"og:image:type\" content=\"image\/jpeg\" \/>\n<meta name=\"twitter:card\" content=\"summary_large_image\" \/>\n<meta name=\"twitter:site\" content=\"@INFO_GERBER\" \/>\n<meta name=\"twitter:label1\" content=\"Gesch\u00e4tzte Lesezeit\" \/>\n\t<meta name=\"twitter:data1\" content=\"3\u00a0Minuten\" \/>\n<script type=\"application\/ld+json\" class=\"yoast-schema-graph\">{\"@context\":\"https:\\\/\\\/schema.org\",\"@graph\":[{\"@type\":\"WebPage\",\"@id\":\"https:\\\/\\\/ag-foto.de\\\/?page_id=630\",\"url\":\"https:\\\/\\\/ag-foto.de\\\/?page_id=630\",\"name\":\"Home-Story - FOTOGRAPHIE OF MOMENTS\",\"isPartOf\":{\"@id\":\"https:\\\/\\\/ag-foto.de\\\/#website\"},\"primaryImageOfPage\":{\"@id\":\"https:\\\/\\\/ag-foto.de\\\/?page_id=630#primaryimage\"},\"image\":{\"@id\":\"https:\\\/\\\/ag-foto.de\\\/?page_id=630#primaryimage\"},\"thumbnailUrl\":\"https:\\\/\\\/ag-foto.de\\\/wp-content\\\/uploads\\\/2024\\\/01\\\/Q-Home2024-0-02.jpg\",\"datePublished\":\"2021-06-03T21:11:06+00:00\",\"dateModified\":\"2024-12-21T14:50:59+00:00\",\"breadcrumb\":{\"@id\":\"https:\\\/\\\/ag-foto.de\\\/?page_id=630#breadcrumb\"},\"inLanguage\":\"de\",\"potentialAction\":[{\"@type\":\"ReadAction\",\"target\":[\"https:\\\/\\\/ag-foto.de\\\/?page_id=630\"]}]},{\"@type\":\"ImageObject\",\"inLanguage\":\"de\",\"@id\":\"https:\\\/\\\/ag-foto.de\\\/?page_id=630#primaryimage\",\"url\":\"https:\\\/\\\/ag-foto.de\\\/wp-content\\\/uploads\\\/2024\\\/01\\\/Q-Home2024-0-02.jpg\",\"contentUrl\":\"https:\\\/\\\/ag-foto.de\\\/wp-content\\\/uploads\\\/2024\\\/01\\\/Q-Home2024-0-02.jpg\",\"width\":1067,\"height\":1068},{\"@type\":\"BreadcrumbList\",\"@id\":\"https:\\\/\\\/ag-foto.de\\\/?page_id=630#breadcrumb\",\"itemListElement\":[{\"@type\":\"ListItem\",\"position\":1,\"name\":\"Startseite\",\"item\":\"https:\\\/\\\/ag-foto.de\\\/\"},{\"@type\":\"ListItem\",\"position\":2,\"name\":\"Shooting-Erlebnisse\",\"item\":\"https:\\\/\\\/ag-foto.de\\\/?page_id=416\"},{\"@type\":\"ListItem\",\"position\":3,\"name\":\"Home-Story\"}]},{\"@type\":\"WebSite\",\"@id\":\"https:\\\/\\\/ag-foto.de\\\/#website\",\"url\":\"https:\\\/\\\/ag-foto.de\\\/\",\"name\":\"FOTOGRAPHIE OF MOMENTS\",\"description\":\"Studio | Portrait | In- Outdoor | Homestory | Unterwasserfotografie\",\"potentialAction\":[{\"@type\":\"SearchAction\",\"target\":{\"@type\":\"EntryPoint\",\"urlTemplate\":\"https:\\\/\\\/ag-foto.de\\\/?s={search_term_string}\"},\"query-input\":{\"@type\":\"PropertyValueSpecification\",\"valueRequired\":true,\"valueName\":\"search_term_string\"}}],\"inLanguage\":\"de\"}]}<\/script>\n<!-- \/ Yoast SEO plugin. -->","yoast_head_json":{"title":"Home-Story - FOTOGRAPHIE OF MOMENTS","robots":{"index":"index","follow":"follow","max-snippet":"max-snippet:-1","max-image-preview":"max-image-preview:large","max-video-preview":"max-video-preview:-1"},"canonical":"https:\/\/ag-foto.de\/?page_id=630","og_locale":"de_DE","og_type":"article","og_title":"Home-Story - FOTOGRAPHIE OF MOMENTS","og_description":"&#8222;Entdecke Deine Geschichte: Homestories in Vertrauter Umgebung Manchmal liegen die sch\u00f6nsten Geschichten dort, wo wir uns am wohlsten f\u00fchlen \u2013 in unseren eigenen vier W\u00e4nden. Tauche ein in die Magie der Homestories und erlebe Deine pers\u00f6nliche Erz\u00e4hlung in der vertrauten Umgebung Deines Zuhauses. Unsere talentierten Storyteller verwandeln Dein Wohnzimmer, Schlafzimmer oder jeden Ort Deiner Wahl &hellip; Mehr \u00fcber \"Home-Story\" Lesen","og_url":"https:\/\/ag-foto.de\/?page_id=630","og_site_name":"FOTOGRAPHIE OF MOMENTS","article_publisher":"https:\/\/www.facebook.com\/uwfoto","article_modified_time":"2024-12-21T14:50:59+00:00","og_image":[{"width":1067,"height":1068,"url":"https:\/\/ag-foto.de\/wp-content\/uploads\/2024\/01\/Q-Home2024-0-02.jpg","type":"image\/jpeg"}],"twitter_card":"summary_large_image","twitter_site":"@INFO_GERBER","twitter_misc":{"Gesch\u00e4tzte Lesezeit":"3\u00a0Minuten"},"schema":{"@context":"https:\/\/schema.org","@graph":[{"@type":"WebPage","@id":"https:\/\/ag-foto.de\/?page_id=630","url":"https:\/\/ag-foto.de\/?page_id=630","name":"Home-Story - FOTOGRAPHIE OF MOMENTS","isPartOf":{"@id":"https:\/\/ag-foto.de\/#website"},"primaryImageOfPage":{"@id":"https:\/\/ag-foto.de\/?page_id=630#primaryimage"},"image":{"@id":"https:\/\/ag-foto.de\/?page_id=630#primaryimage"},"thumbnailUrl":"https:\/\/ag-foto.de\/wp-content\/uploads\/2024\/01\/Q-Home2024-0-02.jpg","datePublished":"2021-06-03T21:11:06+00:00","dateModified":"2024-12-21T14:50:59+00:00","breadcrumb":{"@id":"https:\/\/ag-foto.de\/?page_id=630#breadcrumb"},"inLanguage":"de","potentialAction":[{"@type":"ReadAction","target":["https:\/\/ag-foto.de\/?page_id=630"]}]},{"@type":"ImageObject","inLanguage":"de","@id":"https:\/\/ag-foto.de\/?page_id=630#primaryimage","url":"https:\/\/ag-foto.de\/wp-content\/uploads\/2024\/01\/Q-Home2024-0-02.jpg","contentUrl":"https:\/\/ag-foto.de\/wp-content\/uploads\/2024\/01\/Q-Home2024-0-02.jpg","width":1067,"height":1068},{"@type":"BreadcrumbList","@id":"https:\/\/ag-foto.de\/?page_id=630#breadcrumb","itemListElement":[{"@type":"ListItem","position":1,"name":"Startseite","item":"https:\/\/ag-foto.de\/"},{"@type":"ListItem","position":2,"name":"Shooting-Erlebnisse","item":"https:\/\/ag-foto.de\/?page_id=416"},{"@type":"ListItem","position":3,"name":"Home-Story"}]},{"@type":"WebSite","@id":"https:\/\/ag-foto.de\/#website","url":"https:\/\/ag-foto.de\/","name":"FOTOGRAPHIE OF MOMENTS","description":"Studio | Portrait | In- Outdoor | Homestory | Unterwasserfotografie","potentialAction":[{"@type":"SearchAction","target":{"@type":"EntryPoint","urlTemplate":"https:\/\/ag-foto.de\/?s={search_term_string}"},"query-input":{"@type":"PropertyValueSpecification","valueRequired":true,"valueName":"search_term_string"}}],"inLanguage":"de"}]}},"_links":{"self":[{"href":"https:\/\/ag-foto.de\/index.php?rest_route=\/wp\/v2\/pages\/630","targetHints":{"allow":["GET"]}}],"collection":[{"href":"https:\/\/ag-foto.de\/index.php?rest_route=\/wp\/v2\/pages"}],"about":[{"href":"https:\/\/ag-foto.de\/index.php?rest_route=\/wp\/v2\/types\/page"}],"author":[{"embeddable":true,"href":"https:\/\/ag-foto.de\/index.php?rest_route=\/wp\/v2\/users\/1"}],"replies":[{"embeddable":true,"href":"https:\/\/ag-foto.de\/index.php?rest_route=%2Fwp%2Fv2%2Fcomments&post=630"}],"version-history":[{"count":0,"href":"https:\/\/ag-foto.de\/index.php?rest_route=\/wp\/v2\/pages\/630\/revisions"}],"up":[{"embeddable":true,"href":"https:\/\/ag-foto.de\/index.php?rest_route=\/wp\/v2\/pages\/416"}],"wp:featuredmedia":[{"embeddable":true,"href":"https:\/\/ag-foto.de\/index.php?rest_route=\/wp\/v2\/media\/2161"}],"wp:attachment":[{"href":"https:\/\/ag-foto.de\/index.php?rest_route=%2Fwp%2Fv2%2Fmedia&parent=630"}],"curies":[{"name":"wp","href":"https:\/\/api.w.org\/{rel}","templated":true}]}}