{"id":296,"date":"2019-06-19T12:21:28","date_gmt":"2019-06-19T12:21:28","guid":{"rendered":"http:\/\/ag-foto.de\/?page_id=296"},"modified":"2026-01-25T10:58:27","modified_gmt":"2026-01-25T09:58:27","slug":"low-key-shooting","status":"publish","type":"page","link":"https:\/\/ag-foto.de\/?page_id=296","title":{"rendered":"Low Key Shooting"},"content":{"rendered":"\n<h3 class=\"wp-block-heading\"><strong>Die geheimnisvolle Kunst der Fotografie<\/strong><\/h3>\n\n\n\n<p>Entdecke die faszinierende Welt der Low-Key-Fotografie \u2013 ein Bildstil, der mit Licht und Schatten spielt und sich perfekt f\u00fcr mystische, sinnliche oder k\u00fcnstlerische Aufnahmen eignet. Diese Technik betont Details, schafft Spannung und verleiht deinen Bildern eine einzigartige, elegante Atmosph\u00e4re<\/p>\n\n\n\n<figure class=\"wp-block-gallery has-nested-images columns-default is-cropped wp-block-gallery-1 is-layout-flex wp-block-gallery-is-layout-flex\">\n<figure class=\"wp-block-image size-large\"><a href=\"https:\/\/ag-foto.de\/wp-content\/uploads\/2023\/12\/Q-Black-Philip02.jpg\"><img fetchpriority=\"high\" decoding=\"async\" width=\"1024\" height=\"1024\" data-id=\"1993\" src=\"https:\/\/ag-foto.de\/wp-content\/uploads\/2023\/12\/Q-Black-Philip02-1024x1024.jpg\" alt=\"\" class=\"wp-image-1993\" srcset=\"https:\/\/ag-foto.de\/wp-content\/uploads\/2023\/12\/Q-Black-Philip02-1024x1024.jpg 1024w, https:\/\/ag-foto.de\/wp-content\/uploads\/2023\/12\/Q-Black-Philip02-300x300.jpg 300w, https:\/\/ag-foto.de\/wp-content\/uploads\/2023\/12\/Q-Black-Philip02-150x150.jpg 150w, https:\/\/ag-foto.de\/wp-content\/uploads\/2023\/12\/Q-Black-Philip02-768x769.jpg 768w, https:\/\/ag-foto.de\/wp-content\/uploads\/2023\/12\/Q-Black-Philip02-600x600.jpg 600w, https:\/\/ag-foto.de\/wp-content\/uploads\/2023\/12\/Q-Black-Philip02.jpg 1067w\" sizes=\"(max-width: 1024px) 100vw, 1024px\" \/><\/a><\/figure>\n\n\n\n<figure class=\"wp-block-image size-large\"><a href=\"https:\/\/ag-foto.de\/wp-content\/uploads\/2023\/12\/Q-Black-Verena01-1.jpg\"><img decoding=\"async\" width=\"1024\" height=\"1024\" data-id=\"1994\" src=\"https:\/\/ag-foto.de\/wp-content\/uploads\/2023\/12\/Q-Black-Verena01-1-1024x1024.jpg\" alt=\"\" class=\"wp-image-1994\" srcset=\"https:\/\/ag-foto.de\/wp-content\/uploads\/2023\/12\/Q-Black-Verena01-1-1024x1024.jpg 1024w, https:\/\/ag-foto.de\/wp-content\/uploads\/2023\/12\/Q-Black-Verena01-1-300x300.jpg 300w, https:\/\/ag-foto.de\/wp-content\/uploads\/2023\/12\/Q-Black-Verena01-1-150x150.jpg 150w, https:\/\/ag-foto.de\/wp-content\/uploads\/2023\/12\/Q-Black-Verena01-1-768x769.jpg 768w, https:\/\/ag-foto.de\/wp-content\/uploads\/2023\/12\/Q-Black-Verena01-1-600x600.jpg 600w, https:\/\/ag-foto.de\/wp-content\/uploads\/2023\/12\/Q-Black-Verena01-1.jpg 1067w\" sizes=\"(max-width: 1024px) 100vw, 1024px\" \/><\/a><\/figure>\n\n\n\n<figure class=\"wp-block-image size-large\"><a href=\"https:\/\/ag-foto.de\/wp-content\/uploads\/2023\/12\/Q-Black-Philip01.jpg\"><img decoding=\"async\" width=\"1024\" height=\"1024\" data-id=\"1992\" src=\"https:\/\/ag-foto.de\/wp-content\/uploads\/2023\/12\/Q-Black-Philip01-1024x1024.jpg\" alt=\"\" class=\"wp-image-1992\" srcset=\"https:\/\/ag-foto.de\/wp-content\/uploads\/2023\/12\/Q-Black-Philip01-1024x1024.jpg 1024w, https:\/\/ag-foto.de\/wp-content\/uploads\/2023\/12\/Q-Black-Philip01-300x300.jpg 300w, https:\/\/ag-foto.de\/wp-content\/uploads\/2023\/12\/Q-Black-Philip01-150x150.jpg 150w, https:\/\/ag-foto.de\/wp-content\/uploads\/2023\/12\/Q-Black-Philip01-768x769.jpg 768w, https:\/\/ag-foto.de\/wp-content\/uploads\/2023\/12\/Q-Black-Philip01-600x600.jpg 600w, https:\/\/ag-foto.de\/wp-content\/uploads\/2023\/12\/Q-Black-Philip01.jpg 1067w\" sizes=\"(max-width: 1024px) 100vw, 1024px\" \/><\/a><\/figure>\n<\/figure>\n\n\n\n<h3 class=\"wp-block-heading\"><strong>Warum Low-Key?<\/strong><\/h3>\n\n\n\n<ul class=\"wp-block-list\">\n<li><strong>Mystik und Tiefe:<\/strong> Perfekt f\u00fcr k\u00fcnstlerische und emotionale Portr\u00e4ts.<\/li>\n\n\n\n<li><strong>Fokus auf Details:<\/strong> Licht lenkt den Blick auf das Wesentliche.<\/li>\n\n\n\n<li><strong>Einzigartige Atmosph\u00e4re:<\/strong> Bilder, die Emotionen wecken und Geschichten erz\u00e4hlen.<\/li>\n<\/ul>\n\n\n\n<figure class=\"wp-block-gallery has-nested-images columns-default is-cropped wp-block-gallery-2 is-layout-flex wp-block-gallery-is-layout-flex\">\n<figure class=\"wp-block-image size-large\"><a href=\"https:\/\/ag-foto.de\/wp-content\/uploads\/2025\/12\/IMG_1139.jpeg\"><img loading=\"lazy\" decoding=\"async\" width=\"1024\" height=\"1024\" data-id=\"4062\" src=\"https:\/\/ag-foto.de\/wp-content\/uploads\/2025\/12\/IMG_1139.jpeg\" alt=\"\" class=\"wp-image-4062\" srcset=\"https:\/\/ag-foto.de\/wp-content\/uploads\/2025\/12\/IMG_1139.jpeg 1024w, https:\/\/ag-foto.de\/wp-content\/uploads\/2025\/12\/IMG_1139-300x300.jpeg 300w, https:\/\/ag-foto.de\/wp-content\/uploads\/2025\/12\/IMG_1139-150x150.jpeg 150w\" sizes=\"(max-width: 1024px) 100vw, 1024px\" \/><\/a><\/figure>\n\n\n\n<figure class=\"wp-block-image size-large\"><a href=\"https:\/\/ag-foto.de\/wp-content\/uploads\/2025\/12\/IMG_1132.jpeg\"><img loading=\"lazy\" decoding=\"async\" width=\"1024\" height=\"1024\" data-id=\"4061\" src=\"https:\/\/ag-foto.de\/wp-content\/uploads\/2025\/12\/IMG_1132.jpeg\" alt=\"\" class=\"wp-image-4061\" srcset=\"https:\/\/ag-foto.de\/wp-content\/uploads\/2025\/12\/IMG_1132.jpeg 1024w, https:\/\/ag-foto.de\/wp-content\/uploads\/2025\/12\/IMG_1132-300x300.jpeg 300w, https:\/\/ag-foto.de\/wp-content\/uploads\/2025\/12\/IMG_1132-150x150.jpeg 150w\" sizes=\"(max-width: 1024px) 100vw, 1024px\" \/><\/a><\/figure>\n\n\n\n<figure class=\"wp-block-image size-large\"><a href=\"https:\/\/ag-foto.de\/wp-content\/uploads\/2025\/12\/IMG_1170.jpeg\"><img loading=\"lazy\" decoding=\"async\" width=\"819\" height=\"1024\" data-id=\"4056\" src=\"https:\/\/ag-foto.de\/wp-content\/uploads\/2025\/12\/IMG_1170.jpeg\" alt=\"\" class=\"wp-image-4056\" srcset=\"https:\/\/ag-foto.de\/wp-content\/uploads\/2025\/12\/IMG_1170.jpeg 819w, https:\/\/ag-foto.de\/wp-content\/uploads\/2025\/12\/IMG_1170-240x300.jpeg 240w\" sizes=\"(max-width: 819px) 100vw, 819px\" \/><\/a><\/figure>\n<\/figure>\n\n\n\n<hr class=\"wp-block-separator has-alpha-channel-opacity\"\/>\n\n\n\n<h3 class=\"wp-block-heading\"><strong>Ablauf &amp; Vorbereitung<\/strong><\/h3>\n\n\n\n<p>Damit dein Low-Key-Shooting perfekt wird, besprechen wir deine W\u00fcnsche in einem Vorgespr\u00e4ch. Wir geben dir Tipps zu Kleidung (dunkle T\u00f6ne), Styling und Accessoires, die den Look unterstreichen.<\/p>\n\n\n\n<figure class=\"wp-block-gallery has-nested-images columns-default is-cropped wp-block-gallery-3 is-layout-flex wp-block-gallery-is-layout-flex\">\n<figure class=\"wp-block-image size-large\"><a href=\"https:\/\/ag-foto.de\/wp-content\/uploads\/2022\/12\/Alina-Jeans-001.jpg\"><img loading=\"lazy\" decoding=\"async\" width=\"1024\" height=\"1024\" data-id=\"961\" src=\"https:\/\/ag-foto.de\/wp-content\/uploads\/2022\/12\/Alina-Jeans-001-1024x1024.jpg\" alt=\"\" class=\"wp-image-961\" srcset=\"https:\/\/ag-foto.de\/wp-content\/uploads\/2022\/12\/Alina-Jeans-001-1024x1024.jpg 1024w, https:\/\/ag-foto.de\/wp-content\/uploads\/2022\/12\/Alina-Jeans-001-300x300.jpg 300w, https:\/\/ag-foto.de\/wp-content\/uploads\/2022\/12\/Alina-Jeans-001-150x150.jpg 150w, https:\/\/ag-foto.de\/wp-content\/uploads\/2022\/12\/Alina-Jeans-001-768x769.jpg 768w, https:\/\/ag-foto.de\/wp-content\/uploads\/2022\/12\/Alina-Jeans-001.jpg 1067w\" sizes=\"(max-width: 1024px) 100vw, 1024px\" \/><\/a><\/figure>\n<\/figure>\n\n\n\n<hr class=\"wp-block-separator has-alpha-channel-opacity\"\/>\n\n\n\n<p><strong>Umsetzung:<\/strong> Fotostudio Karlsruhe, Kichheim unter Teck oder individuelle Home-Location.<\/p>\n\n\n\n<figure class=\"wp-block-gallery has-nested-images columns-default is-cropped wp-block-gallery-4 is-layout-flex wp-block-gallery-is-layout-flex\">\n<figure class=\"wp-block-image size-large\"><a href=\"https:\/\/ag-foto.de\/wp-content\/uploads\/2023\/09\/Tatjana-2023-08-Q-02.jpg\"><img loading=\"lazy\" decoding=\"async\" width=\"1024\" height=\"1024\" data-id=\"1480\" src=\"https:\/\/ag-foto.de\/wp-content\/uploads\/2023\/09\/Tatjana-2023-08-Q-02-1024x1024.jpg\" alt=\"\" class=\"wp-image-1480\" srcset=\"https:\/\/ag-foto.de\/wp-content\/uploads\/2023\/09\/Tatjana-2023-08-Q-02-1024x1024.jpg 1024w, https:\/\/ag-foto.de\/wp-content\/uploads\/2023\/09\/Tatjana-2023-08-Q-02-300x300.jpg 300w, https:\/\/ag-foto.de\/wp-content\/uploads\/2023\/09\/Tatjana-2023-08-Q-02-150x150.jpg 150w, https:\/\/ag-foto.de\/wp-content\/uploads\/2023\/09\/Tatjana-2023-08-Q-02-768x769.jpg 768w, https:\/\/ag-foto.de\/wp-content\/uploads\/2023\/09\/Tatjana-2023-08-Q-02-600x600.jpg 600w, https:\/\/ag-foto.de\/wp-content\/uploads\/2023\/09\/Tatjana-2023-08-Q-02.jpg 1067w\" sizes=\"(max-width: 1024px) 100vw, 1024px\" \/><\/a><\/figure>\n\n\n\n<figure class=\"wp-block-image size-large\"><a href=\"https:\/\/ag-foto.de\/wp-content\/uploads\/2023\/09\/Tatjana-2023-08-Q.jpg\"><img loading=\"lazy\" decoding=\"async\" width=\"1024\" height=\"1024\" data-id=\"1467\" src=\"https:\/\/ag-foto.de\/wp-content\/uploads\/2023\/09\/Tatjana-2023-08-Q-1024x1024.jpg\" alt=\"\" class=\"wp-image-1467\" srcset=\"https:\/\/ag-foto.de\/wp-content\/uploads\/2023\/09\/Tatjana-2023-08-Q-1024x1024.jpg 1024w, https:\/\/ag-foto.de\/wp-content\/uploads\/2023\/09\/Tatjana-2023-08-Q-300x300.jpg 300w, https:\/\/ag-foto.de\/wp-content\/uploads\/2023\/09\/Tatjana-2023-08-Q-150x150.jpg 150w, https:\/\/ag-foto.de\/wp-content\/uploads\/2023\/09\/Tatjana-2023-08-Q-768x769.jpg 768w, https:\/\/ag-foto.de\/wp-content\/uploads\/2023\/09\/Tatjana-2023-08-Q-600x600.jpg 600w, https:\/\/ag-foto.de\/wp-content\/uploads\/2023\/09\/Tatjana-2023-08-Q.jpg 1067w\" sizes=\"(max-width: 1024px) 100vw, 1024px\" \/><\/a><\/figure>\n\n\n\n<figure class=\"wp-block-image size-large\"><a href=\"https:\/\/ag-foto.de\/wp-content\/uploads\/2023\/09\/Tatjana-2023-08-Q-01.jpg\"><img loading=\"lazy\" decoding=\"async\" width=\"1024\" height=\"1024\" data-id=\"1466\" src=\"https:\/\/ag-foto.de\/wp-content\/uploads\/2023\/09\/Tatjana-2023-08-Q-01-1024x1024.jpg\" alt=\"\" class=\"wp-image-1466\" srcset=\"https:\/\/ag-foto.de\/wp-content\/uploads\/2023\/09\/Tatjana-2023-08-Q-01-1024x1024.jpg 1024w, https:\/\/ag-foto.de\/wp-content\/uploads\/2023\/09\/Tatjana-2023-08-Q-01-300x300.jpg 300w, https:\/\/ag-foto.de\/wp-content\/uploads\/2023\/09\/Tatjana-2023-08-Q-01-150x150.jpg 150w, https:\/\/ag-foto.de\/wp-content\/uploads\/2023\/09\/Tatjana-2023-08-Q-01-768x769.jpg 768w, https:\/\/ag-foto.de\/wp-content\/uploads\/2023\/09\/Tatjana-2023-08-Q-01-600x600.jpg 600w, https:\/\/ag-foto.de\/wp-content\/uploads\/2023\/09\/Tatjana-2023-08-Q-01.jpg 1067w\" sizes=\"(max-width: 1024px) 100vw, 1024px\" \/><\/a><\/figure>\n<\/figure>\n\n\n\n<h3 class=\"wp-block-heading\"><strong>Jetzt Termin sichern<\/strong><\/h3>\n\n\n\n<p>Erlebe die Magie der Low-Key-Fotografie und halte deine Pers\u00f6nlichkeit in einzigartigen Bildern fest.<\/p>\n\n\n\n<div class=\"wp-block-buttons is-content-justification-center is-layout-flex wp-container-core-buttons-is-layout-a89b3969 wp-block-buttons-is-layout-flex\">\n<div class=\"wp-block-button\"><a class=\"wp-block-button__link has-black-color has-vivid-cyan-blue-background-color has-text-color has-background wp-element-button\" href=\"https:\/\/ag-foto.de\/?page_id=1297\">Hier kommst Du zu unseren Leistungen und Preise<\/a><\/div>\n<\/div>\n\n\n\n<p><\/p>\n","protected":false},"excerpt":{"rendered":"<p>Die geheimnisvolle Kunst der Fotografie Entdecke die faszinierende Welt der Low-Key-Fotografie \u2013 ein Bildstil, der mit Licht und Schatten spielt und sich perfekt f\u00fcr mystische, sinnliche oder k\u00fcnstlerische Aufnahmen eignet. Diese Technik betont Details, schafft Spannung und verleiht deinen Bildern eine einzigartige, elegante Atmosph\u00e4re Warum Low-Key? Ablauf &amp; Vorbereitung Damit dein Low-Key-Shooting perfekt wird, besprechen &hellip; <\/p>\n<p class=\"link-more\"><a href=\"https:\/\/ag-foto.de\/?page_id=296\" class=\"more-link\">Mehr <span class=\"screen-reader-text\">\u00fcber &#8222;Low Key Shooting&#8220; <\/span>Lesen<\/a><\/p>\n","protected":false},"author":1,"featured_media":1466,"parent":416,"menu_order":110,"comment_status":"closed","ping_status":"closed","template":"","meta":{"_glsr_average":0,"_glsr_ranking":0,"_glsr_reviews":0,"two_page_speed":[],"footnotes":""},"class_list":["post-296","page","type-page","status-publish","has-post-thumbnail","hentry"],"yoast_head":"<!-- This site is optimized with the Yoast SEO plugin v27.5 - https:\/\/yoast.com\/product\/yoast-seo-wordpress\/ -->\n<title>Low Key Shooting - FOTOGRAPHIE OF MOMENTS<\/title>\n<meta name=\"description\" content=\"Low-Key-Fotografie \u2013 geheimnisvolle Portr\u00e4ts mit Licht und Schatten. Entdecke die Kunst der Eleganz und buche dein Shooting jetzt!\" \/>\n<meta name=\"robots\" content=\"index, follow, max-snippet:-1, max-image-preview:large, max-video-preview:-1\" \/>\n<link rel=\"canonical\" href=\"https:\/\/ag-foto.de\/?page_id=296\" \/>\n<meta property=\"og:locale\" content=\"de_DE\" \/>\n<meta property=\"og:type\" content=\"article\" \/>\n<meta property=\"og:title\" content=\"Low Key Shooting - FOTOGRAPHIE OF MOMENTS\" \/>\n<meta property=\"og:description\" content=\"Low-Key-Fotografie \u2013 geheimnisvolle Portr\u00e4ts mit Licht und Schatten. Entdecke die Kunst der Eleganz und buche dein Shooting jetzt!\" \/>\n<meta property=\"og:url\" content=\"https:\/\/ag-foto.de\/?page_id=296\" \/>\n<meta property=\"og:site_name\" content=\"FOTOGRAPHIE OF MOMENTS\" \/>\n<meta property=\"article:publisher\" content=\"https:\/\/www.facebook.com\/uwfoto\" \/>\n<meta property=\"article:modified_time\" content=\"2026-01-25T09:58:27+00:00\" \/>\n<meta property=\"og:image\" content=\"https:\/\/ag-foto.de\/wp-content\/uploads\/2023\/09\/Tatjana-2023-08-Q-01.jpg\" \/>\n\t<meta property=\"og:image:width\" content=\"1067\" \/>\n\t<meta property=\"og:image:height\" content=\"1068\" \/>\n\t<meta property=\"og:image:type\" content=\"image\/jpeg\" \/>\n<meta name=\"twitter:card\" content=\"summary_large_image\" \/>\n<meta name=\"twitter:site\" content=\"@INFO_GERBER\" \/>\n<meta name=\"twitter:label1\" content=\"Gesch\u00e4tzte Lesezeit\" \/>\n\t<meta name=\"twitter:data1\" content=\"3\u00a0Minuten\" \/>\n<script type=\"application\/ld+json\" class=\"yoast-schema-graph\">{\"@context\":\"https:\\\/\\\/schema.org\",\"@graph\":[{\"@type\":\"WebPage\",\"@id\":\"https:\\\/\\\/ag-foto.de\\\/?page_id=296\",\"url\":\"https:\\\/\\\/ag-foto.de\\\/?page_id=296\",\"name\":\"Low Key Shooting - FOTOGRAPHIE OF MOMENTS\",\"isPartOf\":{\"@id\":\"https:\\\/\\\/ag-foto.de\\\/#website\"},\"primaryImageOfPage\":{\"@id\":\"https:\\\/\\\/ag-foto.de\\\/?page_id=296#primaryimage\"},\"image\":{\"@id\":\"https:\\\/\\\/ag-foto.de\\\/?page_id=296#primaryimage\"},\"thumbnailUrl\":\"https:\\\/\\\/ag-foto.de\\\/wp-content\\\/uploads\\\/2023\\\/09\\\/Tatjana-2023-08-Q-01.jpg\",\"datePublished\":\"2019-06-19T12:21:28+00:00\",\"dateModified\":\"2026-01-25T09:58:27+00:00\",\"description\":\"Low-Key-Fotografie \u2013 geheimnisvolle Portr\u00e4ts mit Licht und Schatten. Entdecke die Kunst der Eleganz und buche dein Shooting jetzt!\",\"breadcrumb\":{\"@id\":\"https:\\\/\\\/ag-foto.de\\\/?page_id=296#breadcrumb\"},\"inLanguage\":\"de\",\"potentialAction\":[{\"@type\":\"ReadAction\",\"target\":[\"https:\\\/\\\/ag-foto.de\\\/?page_id=296\"]}]},{\"@type\":\"ImageObject\",\"inLanguage\":\"de\",\"@id\":\"https:\\\/\\\/ag-foto.de\\\/?page_id=296#primaryimage\",\"url\":\"https:\\\/\\\/ag-foto.de\\\/wp-content\\\/uploads\\\/2023\\\/09\\\/Tatjana-2023-08-Q-01.jpg\",\"contentUrl\":\"https:\\\/\\\/ag-foto.de\\\/wp-content\\\/uploads\\\/2023\\\/09\\\/Tatjana-2023-08-Q-01.jpg\",\"width\":1067,\"height\":1068},{\"@type\":\"BreadcrumbList\",\"@id\":\"https:\\\/\\\/ag-foto.de\\\/?page_id=296#breadcrumb\",\"itemListElement\":[{\"@type\":\"ListItem\",\"position\":1,\"name\":\"Startseite\",\"item\":\"https:\\\/\\\/ag-foto.de\\\/\"},{\"@type\":\"ListItem\",\"position\":2,\"name\":\"Shooting-Erlebnisse\",\"item\":\"https:\\\/\\\/ag-foto.de\\\/?page_id=416\"},{\"@type\":\"ListItem\",\"position\":3,\"name\":\"Low Key Shooting\"}]},{\"@type\":\"WebSite\",\"@id\":\"https:\\\/\\\/ag-foto.de\\\/#website\",\"url\":\"https:\\\/\\\/ag-foto.de\\\/\",\"name\":\"FOTOGRAPHIE OF MOMENTS\",\"description\":\"Studio | Portrait | In- Outdoor | Homestory | Unterwasserfotografie\",\"potentialAction\":[{\"@type\":\"SearchAction\",\"target\":{\"@type\":\"EntryPoint\",\"urlTemplate\":\"https:\\\/\\\/ag-foto.de\\\/?s={search_term_string}\"},\"query-input\":{\"@type\":\"PropertyValueSpecification\",\"valueRequired\":true,\"valueName\":\"search_term_string\"}}],\"inLanguage\":\"de\"}]}<\/script>\n<!-- \/ Yoast SEO plugin. -->","yoast_head_json":{"title":"Low Key Shooting - FOTOGRAPHIE OF MOMENTS","description":"Low-Key-Fotografie \u2013 geheimnisvolle Portr\u00e4ts mit Licht und Schatten. Entdecke die Kunst der Eleganz und buche dein Shooting jetzt!","robots":{"index":"index","follow":"follow","max-snippet":"max-snippet:-1","max-image-preview":"max-image-preview:large","max-video-preview":"max-video-preview:-1"},"canonical":"https:\/\/ag-foto.de\/?page_id=296","og_locale":"de_DE","og_type":"article","og_title":"Low Key Shooting - FOTOGRAPHIE OF MOMENTS","og_description":"Low-Key-Fotografie \u2013 geheimnisvolle Portr\u00e4ts mit Licht und Schatten. Entdecke die Kunst der Eleganz und buche dein Shooting jetzt!","og_url":"https:\/\/ag-foto.de\/?page_id=296","og_site_name":"FOTOGRAPHIE OF MOMENTS","article_publisher":"https:\/\/www.facebook.com\/uwfoto","article_modified_time":"2026-01-25T09:58:27+00:00","og_image":[{"width":1067,"height":1068,"url":"https:\/\/ag-foto.de\/wp-content\/uploads\/2023\/09\/Tatjana-2023-08-Q-01.jpg","type":"image\/jpeg"}],"twitter_card":"summary_large_image","twitter_site":"@INFO_GERBER","twitter_misc":{"Gesch\u00e4tzte Lesezeit":"3\u00a0Minuten"},"schema":{"@context":"https:\/\/schema.org","@graph":[{"@type":"WebPage","@id":"https:\/\/ag-foto.de\/?page_id=296","url":"https:\/\/ag-foto.de\/?page_id=296","name":"Low Key Shooting - FOTOGRAPHIE OF MOMENTS","isPartOf":{"@id":"https:\/\/ag-foto.de\/#website"},"primaryImageOfPage":{"@id":"https:\/\/ag-foto.de\/?page_id=296#primaryimage"},"image":{"@id":"https:\/\/ag-foto.de\/?page_id=296#primaryimage"},"thumbnailUrl":"https:\/\/ag-foto.de\/wp-content\/uploads\/2023\/09\/Tatjana-2023-08-Q-01.jpg","datePublished":"2019-06-19T12:21:28+00:00","dateModified":"2026-01-25T09:58:27+00:00","description":"Low-Key-Fotografie \u2013 geheimnisvolle Portr\u00e4ts mit Licht und Schatten. Entdecke die Kunst der Eleganz und buche dein Shooting jetzt!","breadcrumb":{"@id":"https:\/\/ag-foto.de\/?page_id=296#breadcrumb"},"inLanguage":"de","potentialAction":[{"@type":"ReadAction","target":["https:\/\/ag-foto.de\/?page_id=296"]}]},{"@type":"ImageObject","inLanguage":"de","@id":"https:\/\/ag-foto.de\/?page_id=296#primaryimage","url":"https:\/\/ag-foto.de\/wp-content\/uploads\/2023\/09\/Tatjana-2023-08-Q-01.jpg","contentUrl":"https:\/\/ag-foto.de\/wp-content\/uploads\/2023\/09\/Tatjana-2023-08-Q-01.jpg","width":1067,"height":1068},{"@type":"BreadcrumbList","@id":"https:\/\/ag-foto.de\/?page_id=296#breadcrumb","itemListElement":[{"@type":"ListItem","position":1,"name":"Startseite","item":"https:\/\/ag-foto.de\/"},{"@type":"ListItem","position":2,"name":"Shooting-Erlebnisse","item":"https:\/\/ag-foto.de\/?page_id=416"},{"@type":"ListItem","position":3,"name":"Low Key Shooting"}]},{"@type":"WebSite","@id":"https:\/\/ag-foto.de\/#website","url":"https:\/\/ag-foto.de\/","name":"FOTOGRAPHIE OF MOMENTS","description":"Studio | Portrait | In- Outdoor | Homestory | Unterwasserfotografie","potentialAction":[{"@type":"SearchAction","target":{"@type":"EntryPoint","urlTemplate":"https:\/\/ag-foto.de\/?s={search_term_string}"},"query-input":{"@type":"PropertyValueSpecification","valueRequired":true,"valueName":"search_term_string"}}],"inLanguage":"de"}]}},"_links":{"self":[{"href":"https:\/\/ag-foto.de\/index.php?rest_route=\/wp\/v2\/pages\/296","targetHints":{"allow":["GET"]}}],"collection":[{"href":"https:\/\/ag-foto.de\/index.php?rest_route=\/wp\/v2\/pages"}],"about":[{"href":"https:\/\/ag-foto.de\/index.php?rest_route=\/wp\/v2\/types\/page"}],"author":[{"embeddable":true,"href":"https:\/\/ag-foto.de\/index.php?rest_route=\/wp\/v2\/users\/1"}],"replies":[{"embeddable":true,"href":"https:\/\/ag-foto.de\/index.php?rest_route=%2Fwp%2Fv2%2Fcomments&post=296"}],"version-history":[{"count":2,"href":"https:\/\/ag-foto.de\/index.php?rest_route=\/wp\/v2\/pages\/296\/revisions"}],"predecessor-version":[{"id":4395,"href":"https:\/\/ag-foto.de\/index.php?rest_route=\/wp\/v2\/pages\/296\/revisions\/4395"}],"up":[{"embeddable":true,"href":"https:\/\/ag-foto.de\/index.php?rest_route=\/wp\/v2\/pages\/416"}],"wp:featuredmedia":[{"embeddable":true,"href":"https:\/\/ag-foto.de\/index.php?rest_route=\/wp\/v2\/media\/1466"}],"wp:attachment":[{"href":"https:\/\/ag-foto.de\/index.php?rest_route=%2Fwp%2Fv2%2Fmedia&parent=296"}],"curies":[{"name":"wp","href":"https:\/\/api.w.org\/{rel}","templated":true}]}}