{"id":1310,"date":"2023-08-23T11:13:01","date_gmt":"2023-08-23T11:13:01","guid":{"rendered":"https:\/\/ag-foto.de\/?page_id=1310"},"modified":"2025-10-14T23:35:15","modified_gmt":"2025-10-14T21:35:15","slug":"ballett-tanz","status":"publish","type":"page","link":"https:\/\/ag-foto.de\/?page_id=1310","title":{"rendered":"Ballett &#038; Tanz"},"content":{"rendered":"\n<hr class=\"wp-block-separator has-alpha-channel-opacity\"\/>\n\n\n\n<h2 class=\"wp-block-heading\">Ballett ist die Verk\u00f6rperung von <strong>Grazie <\/strong>und <strong>Perfektion<\/strong>.<\/h2>\n\n\n\n<p>Mit diesen Eingangssatz m\u00f6chte ich Ballett und Tanz beschreiben.    Unsere Fotografien fangen die Herausforderungen und die Sch\u00f6nheit dieses Tanzes ein, insbesondere die fl\u00fcchtigen Momente, die nur wenige Millisekunden dauern.<\/p>\n\n\n\n<p>Der richtige Augenblick, wie ein<strong> perfekter Sprung<\/strong>, erfordert nicht nur das K\u00f6nnen der T\u00e4nzerin, sondern auch das <strong>pr\u00e4zise Timing<\/strong> des Fotografen. Mit einem geschulten Auge und einer schnellen Reaktion halten wir diese magischen Momente fest, die die Anmut und das K\u00f6nnen der Ballettt\u00e4nzerin Kathi widerspiegeln. Erlebe die Kunst des Balletts durch unsere Linse und lasse dich von der <strong>Eleganz <\/strong>und <strong>Pr\u00e4zision <\/strong>verzaubern. <\/p>\n\n\n\n<hr class=\"wp-block-separator has-alpha-channel-opacity\"\/>\n\n\n\n<figure class=\"wp-block-gallery has-nested-images columns-default is-cropped wp-block-gallery-1 is-layout-flex wp-block-gallery-is-layout-flex\">\n<figure class=\"wp-block-image size-large\"><a href=\"https:\/\/ag-foto.de\/wp-content\/uploads\/2023\/03\/05_04Color.png\"><img fetchpriority=\"high\" decoding=\"async\" width=\"1024\" height=\"1024\" data-id=\"1118\" src=\"https:\/\/ag-foto.de\/wp-content\/uploads\/2023\/03\/05_04Color-1024x1024.png\" alt=\"\" class=\"wp-image-1118\" srcset=\"https:\/\/ag-foto.de\/wp-content\/uploads\/2023\/03\/05_04Color-1024x1024.png 1024w, https:\/\/ag-foto.de\/wp-content\/uploads\/2023\/03\/05_04Color-300x300.png 300w, https:\/\/ag-foto.de\/wp-content\/uploads\/2023\/03\/05_04Color-150x150.png 150w, https:\/\/ag-foto.de\/wp-content\/uploads\/2023\/03\/05_04Color-768x769.png 768w, https:\/\/ag-foto.de\/wp-content\/uploads\/2023\/03\/05_04Color.png 1067w\" sizes=\"(max-width: 1024px) 100vw, 1024px\" \/><\/a><\/figure>\n\n\n\n<figure class=\"wp-block-image size-large\"><a href=\"https:\/\/ag-foto.de\/wp-content\/uploads\/2023\/03\/04_08Color.png\"><img decoding=\"async\" width=\"1024\" height=\"1024\" data-id=\"1119\" src=\"https:\/\/ag-foto.de\/wp-content\/uploads\/2023\/03\/04_08Color-1024x1024.png\" alt=\"\" class=\"wp-image-1119\" srcset=\"https:\/\/ag-foto.de\/wp-content\/uploads\/2023\/03\/04_08Color-1024x1024.png 1024w, https:\/\/ag-foto.de\/wp-content\/uploads\/2023\/03\/04_08Color-300x300.png 300w, https:\/\/ag-foto.de\/wp-content\/uploads\/2023\/03\/04_08Color-150x150.png 150w, https:\/\/ag-foto.de\/wp-content\/uploads\/2023\/03\/04_08Color-768x769.png 768w, https:\/\/ag-foto.de\/wp-content\/uploads\/2023\/03\/04_08Color.png 1067w\" sizes=\"(max-width: 1024px) 100vw, 1024px\" \/><\/a><\/figure>\n\n\n\n<figure class=\"wp-block-image size-large\"><a href=\"https:\/\/ag-foto.de\/wp-content\/uploads\/2023\/03\/05_05Color.png\"><img decoding=\"async\" width=\"1024\" height=\"1024\" data-id=\"1117\" src=\"https:\/\/ag-foto.de\/wp-content\/uploads\/2023\/03\/05_05Color-1024x1024.png\" alt=\"\" class=\"wp-image-1117\" srcset=\"https:\/\/ag-foto.de\/wp-content\/uploads\/2023\/03\/05_05Color-1024x1024.png 1024w, https:\/\/ag-foto.de\/wp-content\/uploads\/2023\/03\/05_05Color-300x300.png 300w, https:\/\/ag-foto.de\/wp-content\/uploads\/2023\/03\/05_05Color-150x150.png 150w, https:\/\/ag-foto.de\/wp-content\/uploads\/2023\/03\/05_05Color-768x769.png 768w, https:\/\/ag-foto.de\/wp-content\/uploads\/2023\/03\/05_05Color.png 1067w\" sizes=\"(max-width: 1024px) 100vw, 1024px\" \/><\/a><\/figure>\n<\/figure>\n\n\n\n<p><\/p>\n\n\n\n<figure class=\"wp-block-gallery has-nested-images columns-default is-cropped wp-block-gallery-2 is-layout-flex wp-block-gallery-is-layout-flex\">\n<figure class=\"wp-block-image size-large\"><a href=\"https:\/\/ag-foto.de\/wp-content\/uploads\/2025\/03\/2023-03-Ballett04.png\"><img loading=\"lazy\" decoding=\"async\" width=\"576\" height=\"1024\" data-id=\"3342\" src=\"https:\/\/ag-foto.de\/wp-content\/uploads\/2025\/03\/2023-03-Ballett04-576x1024.png\" alt=\"\" class=\"wp-image-3342\" srcset=\"https:\/\/ag-foto.de\/wp-content\/uploads\/2025\/03\/2023-03-Ballett04-576x1024.png 576w, https:\/\/ag-foto.de\/wp-content\/uploads\/2025\/03\/2023-03-Ballett04-169x300.png 169w, https:\/\/ag-foto.de\/wp-content\/uploads\/2025\/03\/2023-03-Ballett04.png 1080w\" sizes=\"(max-width: 576px) 100vw, 576px\" \/><\/a><\/figure>\n\n\n\n<figure class=\"wp-block-image size-large\"><a href=\"https:\/\/ag-foto.de\/wp-content\/uploads\/2025\/03\/2023-03-Ballett004.png\"><img loading=\"lazy\" decoding=\"async\" width=\"576\" height=\"1024\" data-id=\"3346\" src=\"https:\/\/ag-foto.de\/wp-content\/uploads\/2025\/03\/2023-03-Ballett004-576x1024.png\" alt=\"\" class=\"wp-image-3346\" srcset=\"https:\/\/ag-foto.de\/wp-content\/uploads\/2025\/03\/2023-03-Ballett004-576x1024.png 576w, https:\/\/ag-foto.de\/wp-content\/uploads\/2025\/03\/2023-03-Ballett004-169x300.png 169w, https:\/\/ag-foto.de\/wp-content\/uploads\/2025\/03\/2023-03-Ballett004.png 1080w\" sizes=\"(max-width: 576px) 100vw, 576px\" \/><\/a><\/figure>\n\n\n\n<figure class=\"wp-block-image size-large\"><a href=\"https:\/\/ag-foto.de\/wp-content\/uploads\/2025\/03\/2023-03-Ballett06.png\"><img loading=\"lazy\" decoding=\"async\" width=\"576\" height=\"1024\" data-id=\"3345\" src=\"https:\/\/ag-foto.de\/wp-content\/uploads\/2025\/03\/2023-03-Ballett06-576x1024.png\" alt=\"\" class=\"wp-image-3345\" srcset=\"https:\/\/ag-foto.de\/wp-content\/uploads\/2025\/03\/2023-03-Ballett06-576x1024.png 576w, https:\/\/ag-foto.de\/wp-content\/uploads\/2025\/03\/2023-03-Ballett06-169x300.png 169w, https:\/\/ag-foto.de\/wp-content\/uploads\/2025\/03\/2023-03-Ballett06.png 1080w\" sizes=\"(max-width: 576px) 100vw, 576px\" \/><\/a><\/figure>\n<\/figure>\n\n\n\n<p><\/p>\n\n\n\n<figure class=\"wp-block-gallery has-nested-images columns-default is-cropped wp-block-gallery-3 is-layout-flex wp-block-gallery-is-layout-flex\">\n<figure class=\"wp-block-image size-large\"><a href=\"https:\/\/ag-foto.de\/wp-content\/uploads\/2025\/03\/2023-03-Ballett09.png\"><img loading=\"lazy\" decoding=\"async\" width=\"576\" height=\"1024\" data-id=\"3349\" src=\"https:\/\/ag-foto.de\/wp-content\/uploads\/2025\/03\/2023-03-Ballett09-576x1024.png\" alt=\"\" class=\"wp-image-3349\" srcset=\"https:\/\/ag-foto.de\/wp-content\/uploads\/2025\/03\/2023-03-Ballett09-576x1024.png 576w, https:\/\/ag-foto.de\/wp-content\/uploads\/2025\/03\/2023-03-Ballett09-169x300.png 169w, https:\/\/ag-foto.de\/wp-content\/uploads\/2025\/03\/2023-03-Ballett09.png 1080w\" sizes=\"(max-width: 576px) 100vw, 576px\" \/><\/a><\/figure>\n\n\n\n<figure class=\"wp-block-image size-large\"><a href=\"https:\/\/ag-foto.de\/wp-content\/uploads\/2025\/03\/2023-03-Ballett02-1.png\"><img loading=\"lazy\" decoding=\"async\" width=\"576\" height=\"1024\" data-id=\"3347\" src=\"https:\/\/ag-foto.de\/wp-content\/uploads\/2025\/03\/2023-03-Ballett02-1-576x1024.png\" alt=\"\" class=\"wp-image-3347\" srcset=\"https:\/\/ag-foto.de\/wp-content\/uploads\/2025\/03\/2023-03-Ballett02-1-576x1024.png 576w, https:\/\/ag-foto.de\/wp-content\/uploads\/2025\/03\/2023-03-Ballett02-1-169x300.png 169w, https:\/\/ag-foto.de\/wp-content\/uploads\/2025\/03\/2023-03-Ballett02-1.png 1080w\" sizes=\"(max-width: 576px) 100vw, 576px\" \/><\/a><\/figure>\n\n\n\n<figure class=\"wp-block-image size-large\"><a href=\"https:\/\/ag-foto.de\/wp-content\/uploads\/2025\/03\/2023-03-Ballett10.png\"><img loading=\"lazy\" decoding=\"async\" width=\"576\" height=\"1024\" data-id=\"3348\" src=\"https:\/\/ag-foto.de\/wp-content\/uploads\/2025\/03\/2023-03-Ballett10-576x1024.png\" alt=\"\" class=\"wp-image-3348\" srcset=\"https:\/\/ag-foto.de\/wp-content\/uploads\/2025\/03\/2023-03-Ballett10-576x1024.png 576w, https:\/\/ag-foto.de\/wp-content\/uploads\/2025\/03\/2023-03-Ballett10-169x300.png 169w, https:\/\/ag-foto.de\/wp-content\/uploads\/2025\/03\/2023-03-Ballett10.png 1080w\" sizes=\"(max-width: 576px) 100vw, 576px\" \/><\/a><\/figure>\n<\/figure>\n\n\n\n<p><\/p>\n\n\n\n<figure class=\"wp-block-gallery has-nested-images columns-default is-cropped wp-block-gallery-4 is-layout-flex wp-block-gallery-is-layout-flex\">\n<figure class=\"wp-block-image size-large\"><a href=\"https:\/\/ag-foto.de\/wp-content\/uploads\/2023\/08\/02_06Color.png\"><img loading=\"lazy\" decoding=\"async\" width=\"1024\" height=\"1024\" data-id=\"1326\" src=\"https:\/\/ag-foto.de\/wp-content\/uploads\/2023\/08\/02_06Color-1024x1024.png\" alt=\"\" class=\"wp-image-1326\" srcset=\"https:\/\/ag-foto.de\/wp-content\/uploads\/2023\/08\/02_06Color-1024x1024.png 1024w, https:\/\/ag-foto.de\/wp-content\/uploads\/2023\/08\/02_06Color-300x300.png 300w, https:\/\/ag-foto.de\/wp-content\/uploads\/2023\/08\/02_06Color-150x150.png 150w, https:\/\/ag-foto.de\/wp-content\/uploads\/2023\/08\/02_06Color-768x769.png 768w, https:\/\/ag-foto.de\/wp-content\/uploads\/2023\/08\/02_06Color.png 1067w\" sizes=\"(max-width: 1024px) 100vw, 1024px\" \/><\/a><\/figure>\n\n\n\n<figure class=\"wp-block-image size-large\"><a href=\"https:\/\/ag-foto.de\/wp-content\/uploads\/2023\/08\/01_13Color.png\"><img loading=\"lazy\" decoding=\"async\" width=\"1024\" height=\"1024\" data-id=\"1325\" src=\"https:\/\/ag-foto.de\/wp-content\/uploads\/2023\/08\/01_13Color-1024x1024.png\" alt=\"\" class=\"wp-image-1325\" srcset=\"https:\/\/ag-foto.de\/wp-content\/uploads\/2023\/08\/01_13Color-1024x1024.png 1024w, https:\/\/ag-foto.de\/wp-content\/uploads\/2023\/08\/01_13Color-300x300.png 300w, https:\/\/ag-foto.de\/wp-content\/uploads\/2023\/08\/01_13Color-150x150.png 150w, https:\/\/ag-foto.de\/wp-content\/uploads\/2023\/08\/01_13Color-768x769.png 768w, https:\/\/ag-foto.de\/wp-content\/uploads\/2023\/08\/01_13Color.png 1067w\" sizes=\"(max-width: 1024px) 100vw, 1024px\" \/><\/a><\/figure>\n<\/figure>\n\n\n\n<h2 class=\"wp-block-heading\"><strong>Dance: Eleganz, Training und Leidenschaft<\/strong><\/h2>\n\n\n\n<p><\/p>\n\n\n\n<p>In der Welt des lateinamerikanischen Tanzes verschmelzen <strong>Training<\/strong>, <strong>Sportlichkeit <\/strong>und <strong>Professionalit\u00e4t <\/strong>zu einer beeindruckenden Darbietung. Unsere Fotografien fangen diese Essenz ein und zeigen die <strong>Eleganz <\/strong>und <strong>Leidenschaft<\/strong>, die in jedem Schritt steckt.<\/p>\n\n\n\n<p>Ob es sich um ein intensives Training oder eine atemberaubende Performance handelt, wir halten die Momente fest, die die Hingabe und das K\u00f6nnen der T\u00e4nzer widerspiegeln. Lassen Sie sich von der Dynamik und Anmut des lateinamerikanischen Tanzes inspirieren und erleben Sie die Kunst des Tanzes durch unsere Linse.<\/p>\n\n\n\n<figure class=\"wp-block-gallery has-nested-images columns-default is-cropped wp-block-gallery-5 is-layout-flex wp-block-gallery-is-layout-flex\">\n<figure class=\"wp-block-image size-large\"><a href=\"https:\/\/ag-foto.de\/wp-content\/uploads\/2023\/08\/DSC_6763-scaled.jpg\"><img loading=\"lazy\" decoding=\"async\" width=\"1024\" height=\"684\" data-id=\"1312\" src=\"https:\/\/ag-foto.de\/wp-content\/uploads\/2023\/08\/DSC_6763-1024x684.jpg\" alt=\"\" class=\"wp-image-1312\" srcset=\"https:\/\/ag-foto.de\/wp-content\/uploads\/2023\/08\/DSC_6763-1024x684.jpg 1024w, https:\/\/ag-foto.de\/wp-content\/uploads\/2023\/08\/DSC_6763-300x200.jpg 300w, https:\/\/ag-foto.de\/wp-content\/uploads\/2023\/08\/DSC_6763-768x513.jpg 768w, https:\/\/ag-foto.de\/wp-content\/uploads\/2023\/08\/DSC_6763-1536x1025.jpg 1536w, https:\/\/ag-foto.de\/wp-content\/uploads\/2023\/08\/DSC_6763-2048x1367.jpg 2048w\" sizes=\"(max-width: 1024px) 100vw, 1024px\" \/><\/a><\/figure>\n<\/figure>\n\n\n\n<p><\/p>\n\n\n\n<figure class=\"wp-block-gallery has-nested-images columns-default is-cropped wp-block-gallery-6 is-layout-flex wp-block-gallery-is-layout-flex\">\n<figure class=\"wp-block-image size-large\"><a href=\"https:\/\/ag-foto.de\/wp-content\/uploads\/2023\/08\/DSC_1107-scaled.jpg\"><img loading=\"lazy\" decoding=\"async\" width=\"684\" height=\"1024\" data-id=\"1316\" src=\"https:\/\/ag-foto.de\/wp-content\/uploads\/2023\/08\/DSC_1107-684x1024.jpg\" alt=\"\" class=\"wp-image-1316\" srcset=\"https:\/\/ag-foto.de\/wp-content\/uploads\/2023\/08\/DSC_1107-684x1024.jpg 684w, https:\/\/ag-foto.de\/wp-content\/uploads\/2023\/08\/DSC_1107-200x300.jpg 200w, https:\/\/ag-foto.de\/wp-content\/uploads\/2023\/08\/DSC_1107-768x1150.jpg 768w, https:\/\/ag-foto.de\/wp-content\/uploads\/2023\/08\/DSC_1107-1025x1536.jpg 1025w, https:\/\/ag-foto.de\/wp-content\/uploads\/2023\/08\/DSC_1107-1367x2048.jpg 1367w, https:\/\/ag-foto.de\/wp-content\/uploads\/2023\/08\/DSC_1107-scaled.jpg 1709w\" sizes=\"(max-width: 684px) 100vw, 684px\" \/><\/a><\/figure>\n\n\n\n<figure class=\"wp-block-image size-large\"><a href=\"https:\/\/ag-foto.de\/wp-content\/uploads\/2023\/08\/DSC_1179-Verbessert-scaled.jpg\"><img loading=\"lazy\" decoding=\"async\" width=\"683\" height=\"1024\" data-id=\"1315\" src=\"https:\/\/ag-foto.de\/wp-content\/uploads\/2023\/08\/DSC_1179-Verbessert-683x1024.jpg\" alt=\"\" class=\"wp-image-1315\" srcset=\"https:\/\/ag-foto.de\/wp-content\/uploads\/2023\/08\/DSC_1179-Verbessert-683x1024.jpg 683w, https:\/\/ag-foto.de\/wp-content\/uploads\/2023\/08\/DSC_1179-Verbessert-200x300.jpg 200w, https:\/\/ag-foto.de\/wp-content\/uploads\/2023\/08\/DSC_1179-Verbessert-768x1151.jpg 768w, https:\/\/ag-foto.de\/wp-content\/uploads\/2023\/08\/DSC_1179-Verbessert-1025x1536.jpg 1025w, https:\/\/ag-foto.de\/wp-content\/uploads\/2023\/08\/DSC_1179-Verbessert-1367x2048.jpg 1367w, https:\/\/ag-foto.de\/wp-content\/uploads\/2023\/08\/DSC_1179-Verbessert-scaled.jpg 1708w\" sizes=\"(max-width: 683px) 100vw, 683px\" \/><\/a><\/figure>\n\n\n\n<figure class=\"wp-block-image size-large\"><a href=\"https:\/\/ag-foto.de\/wp-content\/uploads\/2023\/08\/DSC_1076-Verbessert-scaled.jpg\"><img loading=\"lazy\" decoding=\"async\" width=\"683\" height=\"1024\" data-id=\"1314\" src=\"https:\/\/ag-foto.de\/wp-content\/uploads\/2023\/08\/DSC_1076-Verbessert-683x1024.jpg\" alt=\"\" class=\"wp-image-1314\" srcset=\"https:\/\/ag-foto.de\/wp-content\/uploads\/2023\/08\/DSC_1076-Verbessert-683x1024.jpg 683w, https:\/\/ag-foto.de\/wp-content\/uploads\/2023\/08\/DSC_1076-Verbessert-200x300.jpg 200w, https:\/\/ag-foto.de\/wp-content\/uploads\/2023\/08\/DSC_1076-Verbessert-768x1151.jpg 768w, https:\/\/ag-foto.de\/wp-content\/uploads\/2023\/08\/DSC_1076-Verbessert-1025x1536.jpg 1025w, https:\/\/ag-foto.de\/wp-content\/uploads\/2023\/08\/DSC_1076-Verbessert-1367x2048.jpg 1367w, https:\/\/ag-foto.de\/wp-content\/uploads\/2023\/08\/DSC_1076-Verbessert-scaled.jpg 1708w\" sizes=\"(max-width: 683px) 100vw, 683px\" \/><\/a><\/figure>\n\n\n\n<figure class=\"wp-block-image size-large\"><a href=\"https:\/\/ag-foto.de\/wp-content\/uploads\/2023\/08\/DSC_7028-scaled.jpg\"><img loading=\"lazy\" decoding=\"async\" width=\"685\" height=\"1024\" data-id=\"1311\" src=\"https:\/\/ag-foto.de\/wp-content\/uploads\/2023\/08\/DSC_7028-685x1024.jpg\" alt=\"\" class=\"wp-image-1311\" srcset=\"https:\/\/ag-foto.de\/wp-content\/uploads\/2023\/08\/DSC_7028-685x1024.jpg 685w, https:\/\/ag-foto.de\/wp-content\/uploads\/2023\/08\/DSC_7028-201x300.jpg 201w, https:\/\/ag-foto.de\/wp-content\/uploads\/2023\/08\/DSC_7028-768x1149.jpg 768w, https:\/\/ag-foto.de\/wp-content\/uploads\/2023\/08\/DSC_7028-1027x1536.jpg 1027w, https:\/\/ag-foto.de\/wp-content\/uploads\/2023\/08\/DSC_7028-1369x2048.jpg 1369w, https:\/\/ag-foto.de\/wp-content\/uploads\/2023\/08\/DSC_7028-scaled.jpg 1712w\" sizes=\"(max-width: 685px) 100vw, 685px\" \/><\/a><\/figure>\n\n\n\n<figure class=\"wp-block-image size-large\"><a href=\"https:\/\/ag-foto.de\/wp-content\/uploads\/2023\/08\/DSC_7015-scaled.jpg\"><img loading=\"lazy\" decoding=\"async\" width=\"684\" height=\"1024\" data-id=\"1308\" src=\"https:\/\/ag-foto.de\/wp-content\/uploads\/2023\/08\/DSC_7015-684x1024.jpg\" alt=\"\" class=\"wp-image-1308\" srcset=\"https:\/\/ag-foto.de\/wp-content\/uploads\/2023\/08\/DSC_7015-684x1024.jpg 684w, https:\/\/ag-foto.de\/wp-content\/uploads\/2023\/08\/DSC_7015-200x300.jpg 200w, https:\/\/ag-foto.de\/wp-content\/uploads\/2023\/08\/DSC_7015-768x1150.jpg 768w, https:\/\/ag-foto.de\/wp-content\/uploads\/2023\/08\/DSC_7015-1025x1536.jpg 1025w, https:\/\/ag-foto.de\/wp-content\/uploads\/2023\/08\/DSC_7015-1367x2048.jpg 1367w, https:\/\/ag-foto.de\/wp-content\/uploads\/2023\/08\/DSC_7015-scaled.jpg 1709w\" sizes=\"(max-width: 684px) 100vw, 684px\" \/><\/a><\/figure>\n\n\n\n<figure class=\"wp-block-image size-large\"><a href=\"https:\/\/ag-foto.de\/wp-content\/uploads\/2023\/08\/DSC_6931-scaled.jpg\"><img loading=\"lazy\" decoding=\"async\" width=\"684\" height=\"1024\" data-id=\"1307\" src=\"https:\/\/ag-foto.de\/wp-content\/uploads\/2023\/08\/DSC_6931-684x1024.jpg\" alt=\"\" class=\"wp-image-1307\" srcset=\"https:\/\/ag-foto.de\/wp-content\/uploads\/2023\/08\/DSC_6931-684x1024.jpg 684w, https:\/\/ag-foto.de\/wp-content\/uploads\/2023\/08\/DSC_6931-200x300.jpg 200w, https:\/\/ag-foto.de\/wp-content\/uploads\/2023\/08\/DSC_6931-768x1150.jpg 768w, https:\/\/ag-foto.de\/wp-content\/uploads\/2023\/08\/DSC_6931-1025x1536.jpg 1025w, https:\/\/ag-foto.de\/wp-content\/uploads\/2023\/08\/DSC_6931-1367x2048.jpg 1367w, https:\/\/ag-foto.de\/wp-content\/uploads\/2023\/08\/DSC_6931-scaled.jpg 1709w\" sizes=\"(max-width: 684px) 100vw, 684px\" \/><\/a><\/figure>\n<\/figure>\n\n\n<p class=\"fonts-plugin-block \"><br>\u201eDie Wahl des richtigen Moments und die Kenntnis der Bewegungen sind entscheidend, um den Geist des Balletts einzufangen!\u201c<\/p>\n\n\n<p>Weiter Informationen zu einem Blog Beitrag &#8222;Portrait einer T\u00e4nzerin&#8220; findes du hier mit <a href=\"https:\/\/ag-foto.de\/?p=1807\">diesem Link<\/a><\/p>\n\n\n\n<p>Ob f\u00fcr Dich pers\u00f6nlich, als<strong> Sed-Card, Werbung <\/strong>oder <strong>Geschenk<\/strong>. Wir fangen die <strong>faszinierende Welt <\/strong>des Balletts oder Modern Dance in <strong>wundersch\u00f6nen Bildern<\/strong> ein. Tauche ein in die <strong>anmutigen Bewegungen<\/strong>, den <strong>kraftvollen Ausdruck<\/strong> und die <strong>Emotionen<\/strong>, die in jeder Auff\u00fchrung stecken. Meine Leidenschaft f\u00fcr die Kunst des Tanzes spiegelt sich in jedem Bild wider. Entdecke einige Stationen meiner fotografischen Reise durch die Welt des Tanzes und lass dich von der Sch\u00f6nheit und Energie dieser Kunstformen verzaubern.<\/p>\n\n\n\n<div class=\"wp-block-buttons is-content-justification-center is-layout-flex wp-container-core-buttons-is-layout-a89b3969 wp-block-buttons-is-layout-flex\">\n<div class=\"wp-block-button\"><a class=\"wp-block-button__link has-black-color has-vivid-cyan-blue-background-color has-text-color has-background wp-element-button\" href=\"https:\/\/ag-foto.de\/?page_id=1297\">Hier kommst Du zu unseren Leistungen und Preise<\/a><\/div>\n<\/div>\n\n\n<style id=\"wpforms-css-vars-2399-block-8aee35c3-1cd6-459f-afe4-b1e87d1a6ac2\">\n\t\t\t\t#wpforms-2399.wpforms-block-8aee35c3-1cd6-459f-afe4-b1e87d1a6ac2 {\n\t\t\t\t--wpforms-field-size-input-height: 43px;\n--wpforms-field-size-input-spacing: 15px;\n--wpforms-field-size-font-size: 16px;\n--wpforms-field-size-line-height: 19px;\n--wpforms-field-size-padding-h: 14px;\n--wpforms-field-size-checkbox-size: 16px;\n--wpforms-field-size-sublabel-spacing: 5px;\n--wpforms-field-size-icon-size: 1;\n--wpforms-label-size-font-size: 16px;\n--wpforms-label-size-line-height: 19px;\n--wpforms-label-size-sublabel-font-size: 14px;\n--wpforms-label-size-sublabel-line-height: 17px;\n--wpforms-button-size-font-size: 17px;\n--wpforms-button-size-height: 41px;\n--wpforms-button-size-padding-h: 15px;\n--wpforms-button-size-margin-top: 10px;\n\t\t\t}\n\t\t\t<\/style><div class=\"wpforms-container wpforms-container-full wpforms-block wpforms-block-8aee35c3-1cd6-459f-afe4-b1e87d1a6ac2 wpforms-render-modern\" id=\"wpforms-2399\"><form id=\"wpforms-form-2399\" class=\"wpforms-validate wpforms-form wpforms-ajax-form\" data-formid=\"2399\" method=\"post\" enctype=\"multipart\/form-data\" action=\"\/index.php?rest_route=%2Fwp%2Fv2%2Fpages%2F1310\" data-token=\"d56a48bdf9481dca76cf83ff572a9ce8\" data-token-time=\"1777724330\"><noscript class=\"wpforms-error-noscript\">Bitte aktiviere JavaScript in deinem Browser, um dieses Formular fertigzustellen.<\/noscript><div id=\"wpforms-error-noscript\" style=\"display: none;\">Bitte aktiviere JavaScript in deinem Browser, um dieses Formular fertigzustellen.<\/div><div class=\"wpforms-field-container\"><div id=\"wpforms-2399-field_4-container\" class=\"wpforms-field wpforms-field-text\" data-field-id=\"4\"><label class=\"wpforms-field-label\" for=\"wpforms-2399-field_4\">Deine Nachricht an uns<\/label><input type=\"text\" id=\"wpforms-2399-field_4\" class=\"wpforms-field-medium\" name=\"wpforms[fields][4]\" aria-errormessage=\"wpforms-2399-field_4-error\" ><\/div><div id=\"wpforms-2399-field_1-container\" class=\"wpforms-field wpforms-field-name\" data-field-id=\"1\"><fieldset><legend class=\"wpforms-field-label\">Name <span class=\"wpforms-required-label\" aria-hidden=\"true\">*<\/span><\/legend><div class=\"wpforms-field-row wpforms-field-medium\"><div class=\"wpforms-field-row-block wpforms-first wpforms-one-half\"><input type=\"text\" id=\"wpforms-2399-field_1\" class=\"wpforms-field-name-first wpforms-field-required\" name=\"wpforms[fields][1][first]\" aria-errormessage=\"wpforms-2399-field_1-error\" required><label for=\"wpforms-2399-field_1\" class=\"wpforms-field-sublabel after\">Vorname<\/label><\/div><div class=\"wpforms-field-row-block wpforms-one-half\"><input type=\"text\" id=\"wpforms-2399-field_1-last\" class=\"wpforms-field-name-last wpforms-field-required\" name=\"wpforms[fields][1][last]\" aria-errormessage=\"wpforms-2399-field_1-last-error\" required><label for=\"wpforms-2399-field_1-last\" class=\"wpforms-field-sublabel after\">Nachname<\/label><\/div><\/div><\/fieldset><\/div><div id=\"wpforms-2399-field_2-container\" class=\"wpforms-field wpforms-field-email\" data-field-id=\"2\"><label class=\"wpforms-field-label\" for=\"wpforms-2399-field_2\">Email <span class=\"wpforms-required-label\" aria-hidden=\"true\">*<\/span><\/label><input type=\"email\" id=\"wpforms-2399-field_2\" class=\"wpforms-field-medium wpforms-field-required\" name=\"wpforms[fields][2]\" spellcheck=\"false\" aria-errormessage=\"wpforms-2399-field_2-error\" required><\/div><\/div><!-- .wpforms-field-container --><div class=\"wpforms-submit-container\" ><input type=\"hidden\" name=\"wpforms[id]\" value=\"2399\"><input type=\"hidden\" name=\"page_title\" value=\"\"><input type=\"hidden\" name=\"page_url\" value=\"https:\/\/ag-foto.de\/index.php?rest_route=\/wp\/v2\/pages\/1310\"><input type=\"hidden\" name=\"url_referer\" value=\"\"><button type=\"submit\" name=\"wpforms[submit]\" id=\"wpforms-submit-2399\" class=\"wpforms-submit\" data-alt-text=\"Sending...\" data-submit-text=\"Submit\" aria-live=\"assertive\" value=\"wpforms-submit\">Submit<\/button><img loading=\"lazy\" decoding=\"async\" src=\"https:\/\/ag-foto.de\/wp-content\/plugins\/wpforms-lite\/assets\/images\/submit-spin.svg\" class=\"wpforms-submit-spinner\" style=\"display: none;\" width=\"26\" height=\"26\" alt=\"Wird geladen\"><\/div><\/form><\/div>  <!-- .wpforms-container -->","protected":false},"excerpt":{"rendered":"<p>Ballett ist die Verk\u00f6rperung von Grazie und Perfektion. Mit diesen Eingangssatz m\u00f6chte ich Ballett und Tanz beschreiben. Unsere Fotografien fangen die Herausforderungen und die Sch\u00f6nheit dieses Tanzes ein, insbesondere die fl\u00fcchtigen Momente, die nur wenige Millisekunden dauern. Der richtige Augenblick, wie ein perfekter Sprung, erfordert nicht nur das K\u00f6nnen der T\u00e4nzerin, sondern auch das pr\u00e4zise &hellip; <\/p>\n<p class=\"link-more\"><a href=\"https:\/\/ag-foto.de\/?page_id=1310\" class=\"more-link\">Mehr <span class=\"screen-reader-text\">\u00fcber &#8222;Ballett &#038; Tanz&#8220; <\/span>Lesen<\/a><\/p>\n","protected":false},"author":1,"featured_media":2981,"parent":416,"menu_order":0,"comment_status":"closed","ping_status":"closed","template":"","meta":{"_glsr_average":0,"_glsr_ranking":0,"_glsr_reviews":0,"two_page_speed":[],"footnotes":""},"class_list":["post-1310","page","type-page","status-publish","has-post-thumbnail","hentry"],"yoast_head":"<!-- This site is optimized with the Yoast SEO plugin v27.5 - https:\/\/yoast.com\/product\/yoast-seo-wordpress\/ -->\n<title>Ballett &amp; Tanz - FOTOGRAPHIE OF MOMENTS<\/title>\n<meta name=\"robots\" content=\"index, follow, max-snippet:-1, max-image-preview:large, max-video-preview:-1\" \/>\n<link rel=\"canonical\" href=\"https:\/\/ag-foto.de\/?page_id=1310\" \/>\n<meta property=\"og:locale\" content=\"de_DE\" \/>\n<meta property=\"og:type\" content=\"article\" \/>\n<meta property=\"og:title\" content=\"Ballett &amp; Tanz - FOTOGRAPHIE OF MOMENTS\" \/>\n<meta property=\"og:description\" content=\"Ballett ist die Verk\u00f6rperung von Grazie und Perfektion. Mit diesen Eingangssatz m\u00f6chte ich Ballett und Tanz beschreiben. Unsere Fotografien fangen die Herausforderungen und die Sch\u00f6nheit dieses Tanzes ein, insbesondere die fl\u00fcchtigen Momente, die nur wenige Millisekunden dauern. Der richtige Augenblick, wie ein perfekter Sprung, erfordert nicht nur das K\u00f6nnen der T\u00e4nzerin, sondern auch das pr\u00e4zise &hellip; Mehr \u00fcber &quot;Ballett &#038; Tanz&quot; Lesen\" \/>\n<meta property=\"og:url\" content=\"https:\/\/ag-foto.de\/?page_id=1310\" \/>\n<meta property=\"og:site_name\" content=\"FOTOGRAPHIE OF MOMENTS\" \/>\n<meta property=\"article:publisher\" content=\"https:\/\/www.facebook.com\/uwfoto\" \/>\n<meta property=\"article:modified_time\" content=\"2025-10-14T21:35:15+00:00\" \/>\n<meta property=\"og:image\" content=\"https:\/\/ag-foto.de\/wp-content\/uploads\/2024\/10\/cropped-Gerber_Andreas_20_Hingabe.jpg\" \/>\n\t<meta property=\"og:image:width\" content=\"2000\" \/>\n\t<meta property=\"og:image:height\" content=\"1127\" \/>\n\t<meta property=\"og:image:type\" content=\"image\/jpeg\" \/>\n<meta name=\"twitter:card\" content=\"summary_large_image\" \/>\n<meta name=\"twitter:site\" content=\"@INFO_GERBER\" \/>\n<meta name=\"twitter:label1\" content=\"Gesch\u00e4tzte Lesezeit\" \/>\n\t<meta name=\"twitter:data1\" content=\"6\u00a0Minuten\" \/>\n<script type=\"application\/ld+json\" class=\"yoast-schema-graph\">{\"@context\":\"https:\\\/\\\/schema.org\",\"@graph\":[{\"@type\":\"WebPage\",\"@id\":\"https:\\\/\\\/ag-foto.de\\\/?page_id=1310\",\"url\":\"https:\\\/\\\/ag-foto.de\\\/?page_id=1310\",\"name\":\"Ballett & Tanz - FOTOGRAPHIE OF MOMENTS\",\"isPartOf\":{\"@id\":\"https:\\\/\\\/ag-foto.de\\\/#website\"},\"primaryImageOfPage\":{\"@id\":\"https:\\\/\\\/ag-foto.de\\\/?page_id=1310#primaryimage\"},\"image\":{\"@id\":\"https:\\\/\\\/ag-foto.de\\\/?page_id=1310#primaryimage\"},\"thumbnailUrl\":\"https:\\\/\\\/ag-foto.de\\\/wp-content\\\/uploads\\\/2024\\\/10\\\/cropped-Gerber_Andreas_20_Hingabe.jpg\",\"datePublished\":\"2023-08-23T11:13:01+00:00\",\"dateModified\":\"2025-10-14T21:35:15+00:00\",\"breadcrumb\":{\"@id\":\"https:\\\/\\\/ag-foto.de\\\/?page_id=1310#breadcrumb\"},\"inLanguage\":\"de\",\"potentialAction\":[{\"@type\":\"ReadAction\",\"target\":[\"https:\\\/\\\/ag-foto.de\\\/?page_id=1310\"]}]},{\"@type\":\"ImageObject\",\"inLanguage\":\"de\",\"@id\":\"https:\\\/\\\/ag-foto.de\\\/?page_id=1310#primaryimage\",\"url\":\"https:\\\/\\\/ag-foto.de\\\/wp-content\\\/uploads\\\/2024\\\/10\\\/cropped-Gerber_Andreas_20_Hingabe.jpg\",\"contentUrl\":\"https:\\\/\\\/ag-foto.de\\\/wp-content\\\/uploads\\\/2024\\\/10\\\/cropped-Gerber_Andreas_20_Hingabe.jpg\",\"width\":2000,\"height\":1127},{\"@type\":\"BreadcrumbList\",\"@id\":\"https:\\\/\\\/ag-foto.de\\\/?page_id=1310#breadcrumb\",\"itemListElement\":[{\"@type\":\"ListItem\",\"position\":1,\"name\":\"Startseite\",\"item\":\"https:\\\/\\\/ag-foto.de\\\/\"},{\"@type\":\"ListItem\",\"position\":2,\"name\":\"Shooting-Erlebnisse\",\"item\":\"https:\\\/\\\/ag-foto.de\\\/?page_id=416\"},{\"@type\":\"ListItem\",\"position\":3,\"name\":\"Ballett &#038; Tanz\"}]},{\"@type\":\"WebSite\",\"@id\":\"https:\\\/\\\/ag-foto.de\\\/#website\",\"url\":\"https:\\\/\\\/ag-foto.de\\\/\",\"name\":\"FOTOGRAPHIE OF MOMENTS\",\"description\":\"Studio | Portrait | In- Outdoor | Homestory | Unterwasserfotografie\",\"potentialAction\":[{\"@type\":\"SearchAction\",\"target\":{\"@type\":\"EntryPoint\",\"urlTemplate\":\"https:\\\/\\\/ag-foto.de\\\/?s={search_term_string}\"},\"query-input\":{\"@type\":\"PropertyValueSpecification\",\"valueRequired\":true,\"valueName\":\"search_term_string\"}}],\"inLanguage\":\"de\"}]}<\/script>\n<!-- \/ Yoast SEO plugin. -->","yoast_head_json":{"title":"Ballett & Tanz - FOTOGRAPHIE OF MOMENTS","robots":{"index":"index","follow":"follow","max-snippet":"max-snippet:-1","max-image-preview":"max-image-preview:large","max-video-preview":"max-video-preview:-1"},"canonical":"https:\/\/ag-foto.de\/?page_id=1310","og_locale":"de_DE","og_type":"article","og_title":"Ballett & Tanz - FOTOGRAPHIE OF MOMENTS","og_description":"Ballett ist die Verk\u00f6rperung von Grazie und Perfektion. Mit diesen Eingangssatz m\u00f6chte ich Ballett und Tanz beschreiben. Unsere Fotografien fangen die Herausforderungen und die Sch\u00f6nheit dieses Tanzes ein, insbesondere die fl\u00fcchtigen Momente, die nur wenige Millisekunden dauern. Der richtige Augenblick, wie ein perfekter Sprung, erfordert nicht nur das K\u00f6nnen der T\u00e4nzerin, sondern auch das pr\u00e4zise &hellip; Mehr \u00fcber \"Ballett &#038; Tanz\" Lesen","og_url":"https:\/\/ag-foto.de\/?page_id=1310","og_site_name":"FOTOGRAPHIE OF MOMENTS","article_publisher":"https:\/\/www.facebook.com\/uwfoto","article_modified_time":"2025-10-14T21:35:15+00:00","og_image":[{"width":2000,"height":1127,"url":"https:\/\/ag-foto.de\/wp-content\/uploads\/2024\/10\/cropped-Gerber_Andreas_20_Hingabe.jpg","type":"image\/jpeg"}],"twitter_card":"summary_large_image","twitter_site":"@INFO_GERBER","twitter_misc":{"Gesch\u00e4tzte Lesezeit":"6\u00a0Minuten"},"schema":{"@context":"https:\/\/schema.org","@graph":[{"@type":"WebPage","@id":"https:\/\/ag-foto.de\/?page_id=1310","url":"https:\/\/ag-foto.de\/?page_id=1310","name":"Ballett & Tanz - FOTOGRAPHIE OF MOMENTS","isPartOf":{"@id":"https:\/\/ag-foto.de\/#website"},"primaryImageOfPage":{"@id":"https:\/\/ag-foto.de\/?page_id=1310#primaryimage"},"image":{"@id":"https:\/\/ag-foto.de\/?page_id=1310#primaryimage"},"thumbnailUrl":"https:\/\/ag-foto.de\/wp-content\/uploads\/2024\/10\/cropped-Gerber_Andreas_20_Hingabe.jpg","datePublished":"2023-08-23T11:13:01+00:00","dateModified":"2025-10-14T21:35:15+00:00","breadcrumb":{"@id":"https:\/\/ag-foto.de\/?page_id=1310#breadcrumb"},"inLanguage":"de","potentialAction":[{"@type":"ReadAction","target":["https:\/\/ag-foto.de\/?page_id=1310"]}]},{"@type":"ImageObject","inLanguage":"de","@id":"https:\/\/ag-foto.de\/?page_id=1310#primaryimage","url":"https:\/\/ag-foto.de\/wp-content\/uploads\/2024\/10\/cropped-Gerber_Andreas_20_Hingabe.jpg","contentUrl":"https:\/\/ag-foto.de\/wp-content\/uploads\/2024\/10\/cropped-Gerber_Andreas_20_Hingabe.jpg","width":2000,"height":1127},{"@type":"BreadcrumbList","@id":"https:\/\/ag-foto.de\/?page_id=1310#breadcrumb","itemListElement":[{"@type":"ListItem","position":1,"name":"Startseite","item":"https:\/\/ag-foto.de\/"},{"@type":"ListItem","position":2,"name":"Shooting-Erlebnisse","item":"https:\/\/ag-foto.de\/?page_id=416"},{"@type":"ListItem","position":3,"name":"Ballett &#038; Tanz"}]},{"@type":"WebSite","@id":"https:\/\/ag-foto.de\/#website","url":"https:\/\/ag-foto.de\/","name":"FOTOGRAPHIE OF MOMENTS","description":"Studio | Portrait | In- Outdoor | Homestory | Unterwasserfotografie","potentialAction":[{"@type":"SearchAction","target":{"@type":"EntryPoint","urlTemplate":"https:\/\/ag-foto.de\/?s={search_term_string}"},"query-input":{"@type":"PropertyValueSpecification","valueRequired":true,"valueName":"search_term_string"}}],"inLanguage":"de"}]}},"_links":{"self":[{"href":"https:\/\/ag-foto.de\/index.php?rest_route=\/wp\/v2\/pages\/1310","targetHints":{"allow":["GET"]}}],"collection":[{"href":"https:\/\/ag-foto.de\/index.php?rest_route=\/wp\/v2\/pages"}],"about":[{"href":"https:\/\/ag-foto.de\/index.php?rest_route=\/wp\/v2\/types\/page"}],"author":[{"embeddable":true,"href":"https:\/\/ag-foto.de\/index.php?rest_route=\/wp\/v2\/users\/1"}],"replies":[{"embeddable":true,"href":"https:\/\/ag-foto.de\/index.php?rest_route=%2Fwp%2Fv2%2Fcomments&post=1310"}],"version-history":[{"count":8,"href":"https:\/\/ag-foto.de\/index.php?rest_route=\/wp\/v2\/pages\/1310\/revisions"}],"predecessor-version":[{"id":3965,"href":"https:\/\/ag-foto.de\/index.php?rest_route=\/wp\/v2\/pages\/1310\/revisions\/3965"}],"up":[{"embeddable":true,"href":"https:\/\/ag-foto.de\/index.php?rest_route=\/wp\/v2\/pages\/416"}],"wp:featuredmedia":[{"embeddable":true,"href":"https:\/\/ag-foto.de\/index.php?rest_route=\/wp\/v2\/media\/2981"}],"wp:attachment":[{"href":"https:\/\/ag-foto.de\/index.php?rest_route=%2Fwp%2Fv2%2Fmedia&parent=1310"}],"curies":[{"name":"wp","href":"https:\/\/api.w.org\/{rel}","templated":true}]}}